{"id":119155,"date":"2025-04-23T09:30:25","date_gmt":"2025-04-23T07:30:25","guid":{"rendered":"https:\/\/www.streifzugmedia.com\/?post_type=avada_portfolio&#038;p=119155"},"modified":"2025-07-01T09:21:22","modified_gmt":"2025-07-01T07:21:22","slug":"swiss-art-fair-highlight","status":"publish","type":"avada_portfolio","link":"https:\/\/www.streifzugmedia.com\/en\/bericht\/swiss-art-fair-highlight\/","title":{"rendered":"Swiss art fair highlight"},"content":{"rendered":"<div class=\"fusion-fullwidth fullwidth-box fusion-builder-row-1 nonhundred-percent-fullwidth non-hundred-percent-height-scrolling\" style=\"background-color: rgba(255,255,255,0);background-position: center center;background-repeat: no-repeat;padding-top:0px;padding-right:0px;padding-bottom:0px;padding-left:0px;margin-bottom: 0px;margin-top: 0px;border-width: 0px 0px 0px 0px;border-color:#eae9e9;border-style:solid;\" ><div class=\"fusion-builder-row fusion-row\"><div class=\"fusion-layout-column fusion_builder_column fusion-builder-column-0 fusion_builder_column_2_3 2_3 fusion-two-third fusion-column-first\" style=\"width:66.666666666667%;width:calc(66.666666666667% - ( ( 4% ) * 0.66666666666667 ) );margin-right: 4%;margin-top:0px;margin-bottom:20px;\"><div class=\"fusion-column-wrapper fusion-flex-column-wrapper-legacy\" style=\"background-position:left top;background-blend-mode: overlay;background-repeat:no-repeat;-webkit-background-size:cover;-moz-background-size:cover;-o-background-size:cover;background-size:cover;padding: 0px 0px 0px 0px;\"><div class=\"fusion-text fusion-text-1\"><p><span class=\"sz-caption\">The Art Basel show unites the international art world, with more than 290 top galleries presenting works by over 4000 artists. Daily talks, exhibitions and events in and around Basel make it a region-wide art experience. Photo: \u00a9 Courtesy of Art Basel<\/span><\/p>\n<p><span class=\"sz-caption\">BEST OF | Issue 3 | Spring 2025<\/span><\/p>\n<p><strong>This year\u2019s presentation of Art Basel has been awaited with a surge of anticipation. It will boast 289 leading international art galleries from 42 countries and territories which will be brought together to exhibit outstanding works in all the various media, ranging from painting and sculpture all the way to photography and digital art. In 2025, eighteen new galleries from Europe, Asia and America will be welcomed in order to provide brand-new perspectives and extend the global reach of the art fair even further. Among the newcomers, two will participate directly in the main sector of galleries \u2013 Arcadia Missa (London) and Fran\u00e7ois Ghebaly (Los Angeles, New York), whereas 14 galleries will be represented for the first time in the sectors Feature and Statements.<\/strong><\/p>\n<\/div><span class=\" fusion-imageframe imageframe-none imageframe-1 hover-type-none\"><a href=\"https:\/\/www.streifzugmedia.com\/wp-content\/uploads\/2025\/04\/Kara-Walker-The-Gates-of-Hello.jpg\" class=\"fusion-lightbox\" data-rel=\"iLightbox[da65531d487333cc6f8]\" data-title=\"Kara Walker, &#8220;The Gates of Hello!&#8221;, 2024 Watercolour and sumi-e ink on cut paper on paper, 210.2 x 216.9 cm Gallery: Sikkema Malloy Jenkins, New York Photo: \u00a9 Kara Walker, courtesy of Sikkema Malloy Jenkins, New York\" title=\"Kara Walker, &#8220;The Gates of Hello!&#8221;, 2024 Watercolour and sumi-e ink on cut paper on paper, 210.2 x 216.9 cm Gallery: Sikkema Malloy Jenkins, New York Photo: \u00a9 Kara Walker, courtesy of Sikkema Malloy Jenkins, New York\"><img decoding=\"async\" width=\"900\" height=\"815\" src=\"https:\/\/www.streifzugmedia.com\/wp-content\/uploads\/2025\/04\/Kara-Walker-The-Gates-of-Hello.jpg\" alt class=\"img-responsive wp-image-119148\" srcset=\"https:\/\/www.streifzugmedia.com\/wp-content\/uploads\/2025\/04\/Kara-Walker-The-Gates-of-Hello-200x181.jpg 200w, https:\/\/www.streifzugmedia.com\/wp-content\/uploads\/2025\/04\/Kara-Walker-The-Gates-of-Hello-400x362.jpg 400w, https:\/\/www.streifzugmedia.com\/wp-content\/uploads\/2025\/04\/Kara-Walker-The-Gates-of-Hello-600x543.jpg 600w, https:\/\/www.streifzugmedia.com\/wp-content\/uploads\/2025\/04\/Kara-Walker-The-Gates-of-Hello-800x724.jpg 800w, https:\/\/www.streifzugmedia.com\/wp-content\/uploads\/2025\/04\/Kara-Walker-The-Gates-of-Hello.jpg 900w\" sizes=\"(max-width: 980px) 100vw, 900px\" \/><\/a><\/span><div class=\"fusion-text fusion-text-2\"><p><span class=\"sz-caption\">Kara Walker, &#8220;The Gates of Hello!&#8221;, 2024 Watercolour and sumi-e ink on cut paper on paper, 210.2 x 216.9 cm Gallery: Sikkema Malloy Jenkins, New York Photo: \u00a9 Kara Walker, courtesy of Sikkema Malloy Jenkins, New York<\/span><\/p>\n<h2>Extraordinary diversity<\/h2>\n<p>The artistic creators represented at the fair cover a wide spectrum, from trailblazing pioneers of modern art in the early 20th century to visionary contemporary talents. Art Basel will thereby reinforce, once again, its unchallenged position as the leading event in the worldwide art market, as a global centrepiece for discoveries, networking and the driving force in the international art world.<\/p>\n<p>The extraordinarily wide-ranging artistic offerings at the fair will be completed by a series of dynamic events unfolding throughout the city of Basel which draw in the most renowned cultural institutions. This programme heightens the cultural eminence of the city in the spotlight and makes unmistakably clear how profound an effect Art Basel exercises on its home city, thereby raising Basel\u2019s significance as an incomparable cultural destination.<\/p>\n<\/div><span class=\" fusion-imageframe imageframe-none imageframe-2 hover-type-none\"><a href=\"https:\/\/www.streifzugmedia.com\/wp-content\/uploads\/2025\/04\/KBRA-067.jpg\" class=\"fusion-lightbox\" data-rel=\"iLightbox[eacdbb0f0a55897f74f]\" data-title=\"Katherine Bradford, &#8220;Diver Dark Waves&#8221;, 2023, acrylic on canvas, 25,5 x 20,5 cm, Gallery: kaufmann repetto, Milan\/New York Courtesy of the artist and Private Collection and kaufmann repetto, Photo: \u00a9 Andrea Rossetti\" title=\"Katherine Bradford, &#8220;Diver Dark Waves&#8221;, 2023, acrylic on canvas, 25,5 x 20,5 cm, Gallery: kaufmann repetto, Milan\/New York Courtesy of the artist and Private Collection and kaufmann repetto, Photo: \u00a9 Andrea Rossetti\"><img decoding=\"async\" width=\"900\" height=\"1087\" src=\"https:\/\/www.streifzugmedia.com\/wp-content\/uploads\/2025\/04\/KBRA-067.jpg\" alt class=\"img-responsive wp-image-119150\" srcset=\"https:\/\/www.streifzugmedia.com\/wp-content\/uploads\/2025\/04\/KBRA-067-200x242.jpg 200w, https:\/\/www.streifzugmedia.com\/wp-content\/uploads\/2025\/04\/KBRA-067-400x483.jpg 400w, https:\/\/www.streifzugmedia.com\/wp-content\/uploads\/2025\/04\/KBRA-067-600x725.jpg 600w, https:\/\/www.streifzugmedia.com\/wp-content\/uploads\/2025\/04\/KBRA-067-800x966.jpg 800w, https:\/\/www.streifzugmedia.com\/wp-content\/uploads\/2025\/04\/KBRA-067.jpg 900w\" sizes=\"(max-width: 980px) 100vw, 900px\" \/><\/a><\/span><div class=\"fusion-text fusion-text-3\"><p><span class=\"sz-caption\">Katherine Bradford, &#8220;Diver Dark Waves&#8221;, 2023, acrylic on canvas, 25,5 x 20,5 cm, Gallery: kaufmann repetto, Milan\/New York Courtesy of the artist and Private Collection and kaufmann repetto, Photo: \u00a9 Andrea Rossetti<\/span><\/p>\n<h2>A powerful cultural platform<\/h2>\n<p>Maike Cruse, Director of Art Basel says: &#8220;I am excited to once again welcome the global art world to our flagship event in June. Art Basel 2025 promises to be a defining moment, showcasing a diverse range of extraordinary artworks, sparking international dialogue, and reinforcing its position as one of the most influential events on the global art calendar. With an unmatched line-up of galleries, the introduction of exciting new sectors like Premiere, the return of Parcours, and a stunning immersive installation by Katharina Grosse, Art Basel continues to be a powerful platform for discovery and a driving force for cultural exchange, innovation, and artistic expression.&#8221;<\/p>\n<p>A particular highlight of the art fair is the new sector with the moniker \u201cPremiere\u201d which offers art galleries a platform in order to present up to three trendsetting artists\/creators who will show works from the last five years. Premiere makes it possible for visitors to discover new and innovative artistic positions.<\/p>\n<\/div><span class=\" fusion-imageframe imageframe-none imageframe-3 hover-type-none\"><a href=\"https:\/\/www.streifzugmedia.com\/wp-content\/uploads\/2025\/04\/Kara-Walker-Levitator-After-the-Original.jpg\" class=\"fusion-lightbox\" data-rel=\"iLightbox[4b8ceb52b128fecb8fd]\" data-title=\"Kara Walker, &#8220;Levitator &#8211; After the Original&#8221;, 2024, Patinated bronze, 35.6 x 31.8 x 26.7 cm; Gallery: Sikkema Malloy Jenkins Photo: \u00a9 Kara Walker, courtesy of Sikkema Malloy Jenkins, New York\" title=\"Kara Walker, &#8220;Levitator &#8211; After the Original&#8221;, 2024, Patinated bronze, 35.6 x 31.8 x 26.7 cm; Gallery: Sikkema Malloy Jenkins Photo: \u00a9 Kara Walker, courtesy of Sikkema Malloy Jenkins, New York\"><img decoding=\"async\" width=\"900\" height=\"997\" src=\"https:\/\/www.streifzugmedia.com\/wp-content\/uploads\/2025\/04\/Kara-Walker-Levitator-After-the-Original.jpg\" alt class=\"img-responsive wp-image-119146\" srcset=\"https:\/\/www.streifzugmedia.com\/wp-content\/uploads\/2025\/04\/Kara-Walker-Levitator-After-the-Original-200x222.jpg 200w, https:\/\/www.streifzugmedia.com\/wp-content\/uploads\/2025\/04\/Kara-Walker-Levitator-After-the-Original-400x443.jpg 400w, https:\/\/www.streifzugmedia.com\/wp-content\/uploads\/2025\/04\/Kara-Walker-Levitator-After-the-Original-600x665.jpg 600w, https:\/\/www.streifzugmedia.com\/wp-content\/uploads\/2025\/04\/Kara-Walker-Levitator-After-the-Original-800x886.jpg 800w, https:\/\/www.streifzugmedia.com\/wp-content\/uploads\/2025\/04\/Kara-Walker-Levitator-After-the-Original.jpg 900w\" sizes=\"(max-width: 980px) 100vw, 900px\" \/><\/a><\/span><div class=\"fusion-text fusion-text-4\"><p><span class=\"sz-caption\">Kara Walker, &#8220;Levitator &#8211; After the Original&#8221;, 2024, Patinated bronze, 35.6 x 31.8 x 26.7 cm; Gallery: Sikkema Malloy Jenkins Photo: \u00a9 Kara Walker, courtesy of Sikkema Malloy Jenkins, New York<\/span><\/p>\n<h2>Special sectors<\/h2>\n<p>The renowned sector known as \u201cParcours\u201d will return, once again curated by Stefanie Hessler, Directress of the Swiss Institute in New York. Another spectacular highlight will be the illustrious artist Katharina Grosse, who with her spray technique will transform the grounds of the Messe and their surrounding structures into a vivid, vibrating, highly colourful landscape. The sector known as \u201cUnlimited\u201d \u2013 curated by Giovanni Carmine, Director of the Kunsthalle in St. Gallen, will once again provide a platform for large-scale installations and performances which would be inconceivable in the framework of a traditional gallery.<\/p>\n<p>The Baloise Art Prize, endowed with 30,000 CHF, will be awarded on 26th May in the sector known as \u201cStatements\u201d to as many as two creators. In addition, Baloise Werke will secure the distinguished winners for a gift bestowal to two leading European museums that will subsequently dedicate a solo exhibition to the prize winners.<\/p>\n<\/div><span class=\" fusion-imageframe imageframe-none imageframe-4 hover-type-none\"><a href=\"https:\/\/www.streifzugmedia.com\/wp-content\/uploads\/2025\/04\/Junko-Oki-Dahlia-1.jpg\" class=\"fusion-lightbox\" data-rel=\"iLightbox[d1261082db440b4b7be]\" data-title=\"Junko Oki, &#8220;Dahlia&#8221;, 2024, Gal- lery: Kosaku Kanechika, Tokyo Photo: \u00a9 by Osamu Sakamoto, \u00a9 Junko Oki, Courtesy of KOSAKU KANECHIKA\" title=\"Junko Oki, &#8220;Dahlia&#8221;, 2024, Gal- lery: Kosaku Kanechika, Tokyo Photo: \u00a9 by Osamu Sakamoto, \u00a9 Junko Oki, Courtesy of KOSAKU KANECHIKA\"><img decoding=\"async\" width=\"900\" height=\"950\" src=\"https:\/\/www.streifzugmedia.com\/wp-content\/uploads\/2025\/04\/Junko-Oki-Dahlia-1.jpg\" alt class=\"img-responsive wp-image-119144\" srcset=\"https:\/\/www.streifzugmedia.com\/wp-content\/uploads\/2025\/04\/Junko-Oki-Dahlia-1-200x211.jpg 200w, https:\/\/www.streifzugmedia.com\/wp-content\/uploads\/2025\/04\/Junko-Oki-Dahlia-1-400x422.jpg 400w, https:\/\/www.streifzugmedia.com\/wp-content\/uploads\/2025\/04\/Junko-Oki-Dahlia-1-600x633.jpg 600w, https:\/\/www.streifzugmedia.com\/wp-content\/uploads\/2025\/04\/Junko-Oki-Dahlia-1-800x844.jpg 800w, https:\/\/www.streifzugmedia.com\/wp-content\/uploads\/2025\/04\/Junko-Oki-Dahlia-1.jpg 900w\" sizes=\"(max-width: 980px) 100vw, 900px\" \/><\/a><\/span><div class=\"fusion-text fusion-text-5\"><p><span class=\"sz-caption\">Junko Oki, &#8220;Dahlia&#8221;, 2024, Gallery: Kosaku Kanechika, Tokyo Photo: \u00a9 by Osamu Sakamoto, \u00a9 Junko Oki, Courtesy of KOSAKU KANECHIKA<\/span><\/p>\n<p><strong>Tickets, dates and opening hours:<\/strong><br \/>\nTickets: <a href=\"http:\/\/www.artbasel.com\/basel\/buy-tickets\">www.artbasel.com\/basel\/buy-tickets<\/a><br \/>\nPreview (on invitation only) Tuesday, 17th June and Wednesday, 18th June 2025<br \/>\nOpening hours to general public: Thursday, 19th June until Sunday, 22nd June 2025<br \/>\nPress accreditation: <a href=\"http:\/\/artbasel.com\/accreditation\">artbasel.com\/accreditation<\/a><\/p>\n<h2>About Art Basel<\/h2>\n<p>Art Basel was established in 1970 by a group of galleries in Basel and today plays host to the most important art fairs for modern and contemporary art in Basel, Miami Beach, Hong Kong and Paris. Each art fair bears the signature of its respective hosting city and region, making each and every presentation quite unique. This local colour is also reflected in the list of participating galleries, in the works exhibited and in the programme of supporting events which is presented and performed for each edition in collaboration with the institutions of the host city. The engagement of Art Basel has extended beyond the dimensions of art fairs to include new digital platforms and innovative initiatives such as The Art Basel and UBS Global Art Market Report and the Art Basel Shop. For detailed information visit artbasel.com<\/p>\n<\/div><div class=\"fusion-clearfix\"><\/div><\/div><\/div><div class=\"fusion-layout-column fusion_builder_column fusion-builder-column-1 fusion_builder_column_1_3 1_3 fusion-one-third fusion-column-last\" style=\"width:33.333333333333%;width:calc(33.333333333333% - ( ( 4% ) * 0.33333333333333 ) );margin-top:20px;margin-bottom:20px;\"><div class=\"fusion-column-wrapper fusion-flex-column-wrapper-legacy\" style=\"background-position:left top;background-repeat:no-repeat;-webkit-background-size:cover;-moz-background-size:cover;-o-background-size:cover;background-size:cover;background-color:#ededed;padding: 15px 15px 15px 15px;\"><div class=\"fusion-text fusion-text-6\"><p><strong>Contact<\/strong><\/p>\n<p>Art Basel<br \/>\nMCH Swiss Exhibition (Basel) Ltd.<br \/>\nMesseplatz 10<br \/>\nCH-4005 Basel, Switzerland<\/p>\n<\/div><div class=\"fusion-widget-area fusion-widget-area-1 fusion-content-widget-area\"><style type=\"text\/css\">.fusion-widget-area-1 {padding:0px 0px 0px 0px;}.fusion-widget-area-1 .widget h4 {color:#666666;}.fusion-widget-area-1 .widget .heading h4 {color:#666666;}.fusion-widget-area-1 .widget h4 {font-size:10px;}.fusion-widget-area-1 .widget .heading h4 {font-size:10px;}<\/style><style type=\"text\/css\" data-id=\"text-5\">@media (max-width: 980px){#text-5{text-align:center !important;}}<\/style><div id=\"text-5\" class=\"fusion-widget-mobile-align-center fusion-widget-align-center widget widget_text\" style=\"border-style: solid;text-align: center;border-color:transparent;border-width:0px;\">\t\t\t<div class=\"textwidget\"><div class=\"fusion-video fusion-vimeo fusion-aligncenter\" style=\"max-width:600px;max-height:360px; width:100%;\" data-autoplay=\"1\"><div class=\"video-shortcode\"><div class=\"fluid-width-video-wrapper\" style=\"padding-top:60%;\" ><iframe title=\"Vimeo video player 1\" src=\"https:\/\/player.vimeo.com\/video\/763308067?autoplay=0autoplay=1&amp;muted=1&autopause=0\" allowfullscreen allow=\"autoplay; fullscreen\"><\/iframe><\/div><\/div><\/div><\/div>\n\t\t<\/div><div id=\"block-3\" class=\"widget widget_block\" style=\"margin: 25px;border-style: solid;border-color:transparent;border-width:0px;\"><\/div><div id=\"rev-slider-widget-2\" class=\"widget widget_revslider\" style=\"border-style: solid;border-color:transparent;border-width:0px;\">\n<div class=\"fusion-slider-revolution rev_slider_wrapper\">\t\t\t<!-- START Magazine Sidebar REVOLUTION SLIDER 6.7.38 --><p class=\"rs-p-wp-fix\"><\/p>\n\t\t\t<rs-module-wrap id=\"rev_slider_11_1_wrapper\" data-source=\"gallery\" style=\"visibility:hidden;background:transparent;padding:0;margin:0px auto;margin-top:0px;margin-bottom:0;max-width:500px;\">\n\t\t\t\t<rs-module id=\"rev_slider_11_1\" style=\"\" data-version=\"6.7.38\">\n\t\t\t\t\t<rs-slides style=\"overflow: hidden; position: absolute;\">\n\t\t\t\t\t\t<rs-slide style=\"position: absolute;\" data-key=\"rs-454\" data-title=\"MUC\" data-in=\"o:0;\" data-out=\"a:false;\">\n\t\t\t\t\t\t\t<img decoding=\"async\" src=\"\/\/www.streifzugmedia.com\/wp-content\/plugins\/revslider\/sr6\/assets\/assets\/dummy.png\" alt=\"\" title=\"\u00a9_Fotografie_Gabriel_Buechelmeier_BF_6230_sidebar-bg\" width=\"500\" height=\"658\" class=\"rev-slidebg tp-rs-img rs-lazyload\" data-lazyload=\"\/\/www.streifzugmedia.com\/wp-content\/uploads\/2026\/04\/\u00a9_Fotografie_Gabriel_Buechelmeier_BF_6230_sidebar-bg.jpg\" data-bg=\"f:contain;\" data-no-retina>\n<!--\n\t\t\t\t\t\t\t--><a\n\t\t\t\t\t\t\t\tid=\"slider-11-slide-454-layer-0\" \n\t\t\t\t\t\t\t\tclass=\"rs-layer\"\n\t\t\t\t\t\t\t\thref=\"https:\/\/www.streifzugmedia.com\/streifzug-muenchen-fruehling-2026\/\" target=\"_self\" rel=\"nofollow\"\n\t\t\t\t\t\t\t\tdata-type=\"image\"\n\t\t\t\t\t\t\t\tdata-rsp_ch=\"on\"\n\t\t\t\t\t\t\t\tdata-xy=\"x:c;xo:1px;y:50px;\"\n\t\t\t\t\t\t\t\tdata-text=\"w:normal;\"\n\t\t\t\t\t\t\t\tdata-dim=\"w:300px;h:430px;\"\n\t\t\t\t\t\t\t\tdata-frame_1=\"sp:500;\"\n\t\t\t\t\t\t\t\tdata-frame_999=\"o:0;st:w;sR:8500;\"\n\t\t\t\t\t\t\t\tdata-frame_hover=\"sX:1.02;sY:1.02;e:power3.in;\"\n\t\t\t\t\t\t\t\tstyle=\"z-index:8;box-shadow:0px 0px 20px 1px black;\"\n\t\t\t\t\t\t\t><img decoding=\"async\" src=\"\/\/www.streifzugmedia.com\/wp-content\/plugins\/revslider\/sr6\/assets\/assets\/dummy.png\" alt=\"\" class=\"tp-rs-img rs-lazyload\" width=\"400\" height=\"573\" data-lazyload=\"\/\/www.streifzugmedia.com\/wp-content\/uploads\/2021\/03\/MUC_FR2026_cover.jpg\" data-no-retina> \n\t\t\t\t\t\t\t<\/a><!--\n\n\t\t\t\t\t\t\t--><a\n\t\t\t\t\t\t\t\tid=\"slider-11-slide-454-layer-13\" \n\t\t\t\t\t\t\t\tclass=\"rs-layer\"\n\t\t\t\t\t\t\t\thref=\"https:\/\/www.streifzugmedia.com\/streifzug-muenchen-fruehling-2026\/\" target=\"_self\" rel=\"nofollow\"\n\t\t\t\t\t\t\t\tdata-type=\"text\"\n\t\t\t\t\t\t\t\tdata-color=\"#ffffff\"\n\t\t\t\t\t\t\t\tdata-rsp_ch=\"on\"\n\t\t\t\t\t\t\t\tdata-xy=\"x:c;y:b;yo:70px;\"\n\t\t\t\t\t\t\t\tdata-text=\"w:normal;s:42;ls:6px;\"\n\t\t\t\t\t\t\t\tdata-frame_1=\"st:500;sp:500;sR:500;\"\n\t\t\t\t\t\t\t\tdata-frame_999=\"o:0;st:w;sR:8000;\"\n\t\t\t\t\t\t\t\tstyle=\"z-index:10;font-family:MuseoSlab100;text-transform:uppercase;text-shadow:0px 0px 10px #000000;\"\n\t\t\t\t\t\t\t>Jetzt lesen \n\t\t\t\t\t\t\t<\/a><!--\n-->\t\t\t\t\t<\/rs-slide>\n\t\t\t\t\t\t<rs-slide style=\"position: absolute;\" data-key=\"rs-383\" data-title=\"AR\" data-in=\"o:0;\" data-out=\"a:false;\">\n\t\t\t\t\t\t\t<img decoding=\"async\" src=\"\/\/www.streifzugmedia.com\/wp-content\/plugins\/revslider\/sr6\/assets\/assets\/dummy.png\" alt=\"\" title=\"Talenti_Tresse\u0301 (1)_sidebar-bg\" width=\"500\" height=\"658\" class=\"rev-slidebg tp-rs-img rs-lazyload\" data-lazyload=\"\/\/www.streifzugmedia.com\/wp-content\/uploads\/2026\/04\/Talenti_Tresse-1_sidebar-bg.jpg\" data-bg=\"f:contain;\" data-no-retina>\n<!--\n\t\t\t\t\t\t\t--><a\n\t\t\t\t\t\t\t\tid=\"slider-11-slide-383-layer-0\" \n\t\t\t\t\t\t\t\tclass=\"rs-layer\"\n\t\t\t\t\t\t\t\thref=\"https:\/\/www.streifzugmedia.com\/streifzug-kitzbuehel-alpenraum-fruehling-2026\/\" target=\"_self\" rel=\"nofollow\"\n\t\t\t\t\t\t\t\tdata-type=\"image\"\n\t\t\t\t\t\t\t\tdata-rsp_ch=\"on\"\n\t\t\t\t\t\t\t\tdata-xy=\"x:c;y:50px;\"\n\t\t\t\t\t\t\t\tdata-text=\"w:normal;\"\n\t\t\t\t\t\t\t\tdata-dim=\"w:300px;h:430px;\"\n\t\t\t\t\t\t\t\tdata-frame_1=\"sp:500;\"\n\t\t\t\t\t\t\t\tdata-frame_999=\"o:0;st:w;sR:8500;\"\n\t\t\t\t\t\t\t\tdata-frame_hover=\"sX:1.02;sY:1.02;e:power3.in;\"\n\t\t\t\t\t\t\t\tstyle=\"z-index:8;box-shadow:0px 0px 20px 1px black;\"\n\t\t\t\t\t\t\t><img decoding=\"async\" src=\"\/\/www.streifzugmedia.com\/wp-content\/plugins\/revslider\/sr6\/assets\/assets\/dummy.png\" alt=\"\" class=\"tp-rs-img rs-lazyload\" width=\"400\" height=\"573\" data-lazyload=\"\/\/www.streifzugmedia.com\/wp-content\/uploads\/2021\/03\/AR_FR2026_cover.jpg\" data-no-retina> \n\t\t\t\t\t\t\t<\/a><!--\n\n\t\t\t\t\t\t\t--><a\n\t\t\t\t\t\t\t\tid=\"slider-11-slide-383-layer-13\" \n\t\t\t\t\t\t\t\tclass=\"rs-layer\"\n\t\t\t\t\t\t\t\thref=\"https:\/\/www.streifzugmedia.com\/streifzug-kitzbuehel-alpenraum-fruehling-2026\/\" target=\"_self\" rel=\"nofollow\"\n\t\t\t\t\t\t\t\tdata-type=\"text\"\n\t\t\t\t\t\t\t\tdata-color=\"#ffffff\"\n\t\t\t\t\t\t\t\tdata-rsp_ch=\"on\"\n\t\t\t\t\t\t\t\tdata-xy=\"x:c;y:b;yo:70px;\"\n\t\t\t\t\t\t\t\tdata-text=\"w:normal;s:42;ls:6px;\"\n\t\t\t\t\t\t\t\tdata-frame_1=\"st:500;sp:500;sR:500;\"\n\t\t\t\t\t\t\t\tdata-frame_999=\"o:0;st:w;sR:8000;\"\n\t\t\t\t\t\t\t\tstyle=\"z-index:10;font-family:MuseoSlab100;text-transform:uppercase;text-shadow:0px 0px 10px #000000;\"\n\t\t\t\t\t\t\t>Jetzt lesen \n\t\t\t\t\t\t\t<\/a><!--\n-->\t\t\t\t\t<\/rs-slide>\n\t\t\t\t\t\t<rs-slide style=\"position: absolute;\" data-key=\"rs-382\" data-title=\"KB\" data-in=\"o:0;\" data-out=\"a:false;\">\n\t\t\t\t\t\t\t<img decoding=\"async\" src=\"\/\/www.streifzugmedia.com\/wp-content\/plugins\/revslider\/sr6\/assets\/assets\/dummy.png\" alt=\"\" title=\"HOI_interior_aufschnaiter2025_BH_DRUCKA4_94_bg-sidebar\" width=\"500\" height=\"658\" class=\"rev-slidebg tp-rs-img rs-lazyload\" data-lazyload=\"\/\/www.streifzugmedia.com\/wp-content\/uploads\/2025\/12\/HOI_interior_aufschnaiter2025_BH_DRUCKA4_94_bg-sidebar.jpg\" data-bg=\"f:contain;\" data-no-retina>\n<!--\n\t\t\t\t\t\t\t--><a\n\t\t\t\t\t\t\t\tid=\"slider-11-slide-382-layer-0\" \n\t\t\t\t\t\t\t\tclass=\"rs-layer\"\n\t\t\t\t\t\t\t\thref=\"https:\/\/www.streifzugmedia.com\/streifzug-kitzbuehel-winter-2025\/\" target=\"_self\" rel=\"nofollow\"\n\t\t\t\t\t\t\t\tdata-type=\"image\"\n\t\t\t\t\t\t\t\tdata-rsp_ch=\"on\"\n\t\t\t\t\t\t\t\tdata-xy=\"x:c;y:50px;\"\n\t\t\t\t\t\t\t\tdata-text=\"w:normal;\"\n\t\t\t\t\t\t\t\tdata-dim=\"w:300px;h:430px;\"\n\t\t\t\t\t\t\t\tdata-frame_1=\"sp:500;\"\n\t\t\t\t\t\t\t\tdata-frame_999=\"o:0;st:w;sR:8500;\"\n\t\t\t\t\t\t\t\tdata-frame_hover=\"sX:1.02;sY:1.02;e:power3.in;\"\n\t\t\t\t\t\t\t\tstyle=\"z-index:5;box-shadow:0px 0px 20px 1px black;\"\n\t\t\t\t\t\t\t><img decoding=\"async\" src=\"\/\/www.streifzugmedia.com\/wp-content\/plugins\/revslider\/sr6\/assets\/assets\/dummy.png\" alt=\"\" class=\"tp-rs-img rs-lazyload\" width=\"400\" height=\"573\" data-lazyload=\"\/\/www.streifzugmedia.com\/wp-content\/uploads\/2021\/03\/KB_W2025_cover.jpg\" data-no-retina> \n\t\t\t\t\t\t\t<\/a><!--\n\n\t\t\t\t\t\t\t--><a\n\t\t\t\t\t\t\t\tid=\"slider-11-slide-382-layer-15\" \n\t\t\t\t\t\t\t\tclass=\"rs-layer\"\n\t\t\t\t\t\t\t\thref=\"https:\/\/www.streifzugmedia.com\/streifzug-kitzbuehel-winter-2025\/w.streifzugmedia.com\/streifzug-kitzbuehel-sommer-2025\/\" target=\"_self\" rel=\"nofollow\"\n\t\t\t\t\t\t\t\tdata-type=\"text\"\n\t\t\t\t\t\t\t\tdata-color=\"#ffffff\"\n\t\t\t\t\t\t\t\tdata-rsp_ch=\"on\"\n\t\t\t\t\t\t\t\tdata-xy=\"x:c;y:b;yo:70px;\"\n\t\t\t\t\t\t\t\tdata-text=\"w:normal;s:42;ls:6px;\"\n\t\t\t\t\t\t\t\tdata-frame_1=\"st:500;sp:500;sR:500;\"\n\t\t\t\t\t\t\t\tdata-frame_999=\"o:0;st:w;sR:8000;\"\n\t\t\t\t\t\t\t\tstyle=\"z-index:10;font-family:MuseoSlab100;text-transform:uppercase;text-shadow:0px 0px 10px #000000;\"\n\t\t\t\t\t\t\t>Jetzt lesen \n\t\t\t\t\t\t\t<\/a><!--\n-->\t\t\t\t\t<\/rs-slide>\n\t\t\t\t\t\t<rs-slide style=\"position: absolute;\" data-key=\"rs-379\" data-title=\"BOY\" data-in=\"o:0;\" data-out=\"a:false;\">\n\t\t\t\t\t\t\t<img decoding=\"async\" src=\"\/\/www.streifzugmedia.com\/wp-content\/plugins\/revslider\/sr6\/assets\/assets\/dummy.png\" alt=\"\" title=\"Bowshot_bg-sidebar\" width=\"500\" height=\"658\" class=\"rev-slidebg tp-rs-img rs-lazyload\" data-lazyload=\"\/\/www.streifzugmedia.com\/wp-content\/uploads\/2025\/12\/Bowshot_bg-sidebar.jpg\" data-bg=\"f:contain;\" data-no-retina>\n<!--\n\t\t\t\t\t\t\t--><a\n\t\t\t\t\t\t\t\tid=\"slider-11-slide-379-layer-0\" \n\t\t\t\t\t\t\t\tclass=\"rs-layer\"\n\t\t\t\t\t\t\t\thref=\"https:\/\/www.streifzugmedia.com\/streifzug-yachting-2026\/\" target=\"_self\" rel=\"nofollow\"\n\t\t\t\t\t\t\t\tdata-type=\"image\"\n\t\t\t\t\t\t\t\tdata-rsp_ch=\"on\"\n\t\t\t\t\t\t\t\tdata-xy=\"x:c;y:50px;\"\n\t\t\t\t\t\t\t\tdata-text=\"w:normal;\"\n\t\t\t\t\t\t\t\tdata-dim=\"w:300px;h:430px;\"\n\t\t\t\t\t\t\t\tdata-frame_1=\"sp:500;\"\n\t\t\t\t\t\t\t\tdata-frame_999=\"o:0;st:w;sR:8500;\"\n\t\t\t\t\t\t\t\tdata-frame_hover=\"sX:1.02;sY:1.02;e:power3.in;\"\n\t\t\t\t\t\t\t\tstyle=\"z-index:5;box-shadow:0px 0px 20px 1px black;\"\n\t\t\t\t\t\t\t><img decoding=\"async\" src=\"\/\/www.streifzugmedia.com\/wp-content\/plugins\/revslider\/sr6\/assets\/assets\/dummy.png\" alt=\"\" class=\"tp-rs-img rs-lazyload\" width=\"400\" height=\"573\" data-lazyload=\"\/\/www.streifzugmedia.com\/wp-content\/uploads\/2021\/03\/SZ_Yachting_W2025_26_cover.jpg\" data-no-retina> \n\t\t\t\t\t\t\t<\/a><!--\n\n\t\t\t\t\t\t\t--><a\n\t\t\t\t\t\t\t\tid=\"slider-11-slide-379-layer-16\" \n\t\t\t\t\t\t\t\tclass=\"rs-layer\"\n\t\t\t\t\t\t\t\thref=\"https:\/\/www.streifzugmedia.com\/streifzug-yachting-2026\/\" target=\"_self\" rel=\"nofollow\"\n\t\t\t\t\t\t\t\tdata-type=\"text\"\n\t\t\t\t\t\t\t\tdata-color=\"#ffffff\"\n\t\t\t\t\t\t\t\tdata-rsp_ch=\"on\"\n\t\t\t\t\t\t\t\tdata-xy=\"x:c;xo:1px;y:b;yo:70px;\"\n\t\t\t\t\t\t\t\tdata-text=\"w:normal;s:42;ls:6px;\"\n\t\t\t\t\t\t\t\tdata-frame_1=\"st:490;sp:500;sR:490;\"\n\t\t\t\t\t\t\t\tdata-frame_999=\"o:0;st:w;sR:8010;\"\n\t\t\t\t\t\t\t\tstyle=\"z-index:10;font-family:MuseoSlab100;text-transform:uppercase;text-shadow:0px 0px 10px #000000;\"\n\t\t\t\t\t\t\t>Jetzt lesen \n\t\t\t\t\t\t\t<\/a><!--\n-->\t\t\t\t\t<\/rs-slide>\n\t\t\t\t\t\t<rs-slide style=\"position: absolute;\" data-key=\"rs-385\" data-title=\"SBG\" data-in=\"o:0;\" data-out=\"a:false;\">\n\t\t\t\t\t\t\t<img decoding=\"async\" src=\"\/\/www.streifzugmedia.com\/wp-content\/plugins\/revslider\/sr6\/assets\/assets\/dummy.png\" alt=\"\" title=\"Palladio 2 hochaufloesend Print v2_mod_SM_bg-sidebar\" width=\"500\" height=\"658\" class=\"rev-slidebg tp-rs-img rs-lazyload\" data-lazyload=\"\/\/www.streifzugmedia.com\/wp-content\/uploads\/2025\/12\/Palladio-2-hochaufloesend-Print-v2_mod_SM_bg-sidebar.jpg\" data-bg=\"f:contain;\" data-no-retina>\n<!--\n\t\t\t\t\t\t\t--><a\n\t\t\t\t\t\t\t\tid=\"slider-11-slide-385-layer-0\" \n\t\t\t\t\t\t\t\tclass=\"rs-layer\"\n\t\t\t\t\t\t\t\thref=\"https:\/\/www.streifzugmedia.com\/streifzug-salzburg-winter-2025\/\" target=\"_self\" rel=\"nofollow\"\n\t\t\t\t\t\t\t\tdata-type=\"image\"\n\t\t\t\t\t\t\t\tdata-rsp_ch=\"on\"\n\t\t\t\t\t\t\t\tdata-xy=\"x:c;y:50px;\"\n\t\t\t\t\t\t\t\tdata-text=\"w:normal;\"\n\t\t\t\t\t\t\t\tdata-dim=\"w:300px;h:429px;\"\n\t\t\t\t\t\t\t\tdata-frame_1=\"sp:500;\"\n\t\t\t\t\t\t\t\tdata-frame_999=\"o:0;st:w;sR:8500;\"\n\t\t\t\t\t\t\t\tdata-frame_hover=\"sX:1.02;sY:1.02;e:power3.in;\"\n\t\t\t\t\t\t\t\tstyle=\"z-index:5;box-shadow:0px 0px 20px 1px black;\"\n\t\t\t\t\t\t\t><img decoding=\"async\" src=\"\/\/www.streifzugmedia.com\/wp-content\/plugins\/revslider\/sr6\/assets\/assets\/dummy.png\" alt=\"\" class=\"tp-rs-img rs-lazyload\" width=\"400\" height=\"572\" data-lazyload=\"\/\/www.streifzugmedia.com\/wp-content\/uploads\/2021\/03\/SB_W2025_cover.jpg\" data-no-retina> \n\t\t\t\t\t\t\t<\/a><!--\n\n\t\t\t\t\t\t\t--><a\n\t\t\t\t\t\t\t\tid=\"slider-11-slide-385-layer-18\" \n\t\t\t\t\t\t\t\tclass=\"rs-layer\"\n\t\t\t\t\t\t\t\thref=\"https:\/\/www.streifzugmedia.com\/streifzug-salzburg-winter-2025\/\" target=\"_self\" rel=\"nofollow\"\n\t\t\t\t\t\t\t\tdata-type=\"text\"\n\t\t\t\t\t\t\t\tdata-color=\"#ffffff\"\n\t\t\t\t\t\t\t\tdata-rsp_ch=\"on\"\n\t\t\t\t\t\t\t\tdata-xy=\"x:c;y:b;yo:70px;\"\n\t\t\t\t\t\t\t\tdata-text=\"w:normal;s:42;ls:6px;\"\n\t\t\t\t\t\t\t\tdata-frame_1=\"st:500;sp:500;sR:500;\"\n\t\t\t\t\t\t\t\tdata-frame_999=\"o:0;st:w;sR:8000;\"\n\t\t\t\t\t\t\t\tstyle=\"z-index:10;font-family:MuseoSlab100;text-transform:uppercase;text-shadow:0px 0px 10px #000000;\"\n\t\t\t\t\t\t\t>Jetzt lesen \n\t\t\t\t\t\t\t<\/a><!--\n-->\t\t\t\t\t<\/rs-slide>\n\t\t\t\t\t\t<rs-slide style=\"position: absolute;\" data-key=\"rs-456\" data-title=\"Golbeair\" data-in=\"o:0;\" data-out=\"a:false;\">\n\t\t\t\t\t\t\t<img decoding=\"async\" src=\"\/\/www.streifzugmedia.com\/wp-content\/plugins\/revslider\/sr6\/assets\/assets\/dummy.png\" alt=\"\" title=\"AdobeStock_1058781250_sidebar-bg\" width=\"501\" height=\"658\" class=\"rev-slidebg tp-rs-img rs-lazyload\" data-lazyload=\"\/\/www.streifzugmedia.com\/wp-content\/uploads\/2025\/10\/AdobeStock_1058781250_sidebar-bg.jpg\" data-bg=\"f:contain;\" data-no-retina>\n<!--\n\t\t\t\t\t\t\t--><a\n\t\t\t\t\t\t\t\tid=\"slider-11-slide-456-layer-0\" \n\t\t\t\t\t\t\t\tclass=\"rs-layer\"\n\t\t\t\t\t\t\t\thref=\"https:\/\/www.streifzugmedia.com\/streifzug-best-of-herbst-2025-globeair-boardmagazin\/\" target=\"_self\" rel=\"nofollow\"\n\t\t\t\t\t\t\t\tdata-type=\"image\"\n\t\t\t\t\t\t\t\tdata-rsp_ch=\"on\"\n\t\t\t\t\t\t\t\tdata-xy=\"x:c;y:50px;\"\n\t\t\t\t\t\t\t\tdata-text=\"w:normal;\"\n\t\t\t\t\t\t\t\tdata-dim=\"w:300px;h:430px;\"\n\t\t\t\t\t\t\t\tdata-frame_1=\"sp:500;\"\n\t\t\t\t\t\t\t\tdata-frame_999=\"o:0;st:w;sR:8500;\"\n\t\t\t\t\t\t\t\tdata-frame_hover=\"sX:1.02;sY:1.02;e:power3.in;\"\n\t\t\t\t\t\t\t\tstyle=\"z-index:5;box-shadow:0px 0px 20px 1px black;\"\n\t\t\t\t\t\t\t><img decoding=\"async\" src=\"\/\/www.streifzugmedia.com\/wp-content\/plugins\/revslider\/sr6\/assets\/assets\/dummy.png\" alt=\"\" class=\"tp-rs-img rs-lazyload\" width=\"400\" height=\"573\" data-lazyload=\"\/\/www.streifzugmedia.com\/wp-content\/uploads\/2025\/10\/SZ_Bestof_HW2025_cover.jpg\" data-no-retina> \n\t\t\t\t\t\t\t<\/a><!--\n\n\t\t\t\t\t\t\t--><a\n\t\t\t\t\t\t\t\tid=\"slider-11-slide-456-layer-16\" \n\t\t\t\t\t\t\t\tclass=\"rs-layer\"\n\t\t\t\t\t\t\t\thref=\"https:\/\/www.streifzugmedia.com\/streifzug-best-of-herbst-2025-globeair-boardmagazin\/\" target=\"_self\" rel=\"nofollow\"\n\t\t\t\t\t\t\t\tdata-type=\"text\"\n\t\t\t\t\t\t\t\tdata-color=\"#ffffff\"\n\t\t\t\t\t\t\t\tdata-rsp_ch=\"on\"\n\t\t\t\t\t\t\t\tdata-xy=\"x:c;y:b;yo:70px;\"\n\t\t\t\t\t\t\t\tdata-text=\"w:normal;s:42;ls:6px;\"\n\t\t\t\t\t\t\t\tdata-frame_1=\"st:490;sp:500;sR:490;\"\n\t\t\t\t\t\t\t\tdata-frame_999=\"o:0;st:w;sR:8010;\"\n\t\t\t\t\t\t\t\tstyle=\"z-index:10;font-family:MuseoSlab100;text-transform:uppercase;text-shadow:0px 0px 10px #000000;\"\n\t\t\t\t\t\t\t>Jetzt lesen \n\t\t\t\t\t\t\t<\/a><!--\n-->\t\t\t\t\t<\/rs-slide>\n\t\t\t\t\t\t<rs-slide style=\"position: absolute;\" data-key=\"rs-459\" data-title=\"SG\" data-in=\"o:0;\" data-out=\"a:false;\">\n\t\t\t\t\t\t\t<img decoding=\"async\" src=\"\/\/www.streifzugmedia.com\/wp-content\/plugins\/revslider\/sr6\/assets\/assets\/dummy.png\" alt=\"\" title=\"waltherpark-bozen-anna-fichtner_MG_0229-Bearbeitet_sidebar-bg\" width=\"500\" height=\"658\" class=\"rev-slidebg tp-rs-img rs-lazyload\" data-lazyload=\"\/\/www.streifzugmedia.com\/wp-content\/uploads\/2025\/10\/waltherpark-bozen-anna-fichtner_MG_0229-Bearbeitet_sidebar-bg.jpg\" data-bg=\"f:contain;\" data-no-retina>\n<!--\n\t\t\t\t\t\t\t--><a\n\t\t\t\t\t\t\t\tid=\"slider-11-slide-459-layer-0\" \n\t\t\t\t\t\t\t\tclass=\"rs-layer\"\n\t\t\t\t\t\t\t\thref=\"https:\/\/www.streifzugmedia.com\/streifzug-suedtirol-gardasee-herbst-2025\/\" target=\"_self\" rel=\"nofollow\"\n\t\t\t\t\t\t\t\tdata-type=\"image\"\n\t\t\t\t\t\t\t\tdata-rsp_ch=\"on\"\n\t\t\t\t\t\t\t\tdata-xy=\"x:c;y:50px;\"\n\t\t\t\t\t\t\t\tdata-text=\"w:normal;\"\n\t\t\t\t\t\t\t\tdata-dim=\"w:300px;h:430px;\"\n\t\t\t\t\t\t\t\tdata-frame_1=\"sp:500;\"\n\t\t\t\t\t\t\t\tdata-frame_999=\"o:0;st:w;sR:8500;\"\n\t\t\t\t\t\t\t\tdata-frame_hover=\"sX:1.02;sY:1.02;e:power3.in;\"\n\t\t\t\t\t\t\t\tstyle=\"z-index:5;box-shadow:0px 0px 20px 1px black;\"\n\t\t\t\t\t\t\t><img decoding=\"async\" src=\"\/\/www.streifzugmedia.com\/wp-content\/plugins\/revslider\/sr6\/assets\/assets\/dummy.png\" alt=\"\" class=\"tp-rs-img rs-lazyload\" width=\"400\" height=\"573\" data-lazyload=\"\/\/www.streifzugmedia.com\/wp-content\/uploads\/2025\/05\/SG_H2025_cover.jpg\" data-no-retina> \n\t\t\t\t\t\t\t<\/a><!--\n\n\t\t\t\t\t\t\t--><a\n\t\t\t\t\t\t\t\tid=\"slider-11-slide-459-layer-18\" \n\t\t\t\t\t\t\t\tclass=\"rs-layer\"\n\t\t\t\t\t\t\t\thref=\"https:\/\/www.streifzugmedia.com\/streifzug-suedtirol-gardasee-herbst-2025\/\" target=\"_self\" rel=\"nofollow\"\n\t\t\t\t\t\t\t\tdata-type=\"text\"\n\t\t\t\t\t\t\t\tdata-color=\"#ffffff\"\n\t\t\t\t\t\t\t\tdata-rsp_ch=\"on\"\n\t\t\t\t\t\t\t\tdata-xy=\"x:c;y:b;yo:70px;\"\n\t\t\t\t\t\t\t\tdata-text=\"w:normal;s:42;ls:6px;\"\n\t\t\t\t\t\t\t\tdata-frame_1=\"st:500;sp:500;sR:500;\"\n\t\t\t\t\t\t\t\tdata-frame_999=\"o:0;st:w;sR:8000;\"\n\t\t\t\t\t\t\t\tstyle=\"z-index:10;font-family:MuseoSlab100;text-transform:uppercase;text-shadow:0px 0px 10px #000000;\"\n\t\t\t\t\t\t\t>Jetzt lesen \n\t\t\t\t\t\t\t<\/a><!--\n-->\t\t\t\t\t<\/rs-slide>\n\t\t\t\t\t<\/rs-slides>\n\t\t\t\t<\/rs-module>\n\t\t\t\t<script>\n\t\t\t\t\tsetREVStartSize({c: 'rev_slider_11_1',rl:[1240,1024,778,480],el:[658],gw:[500],gh:[658],type:'carousel',justify:'',layout:'fullwidth',mh:\"0\"});if (window.RS_MODULES!==undefined && window.RS_MODULES.modules!==undefined && window.RS_MODULES.modules[\"revslider111\"]!==undefined) {window.RS_MODULES.modules[\"revslider111\"].once = false;window.revapi11 = undefined;if (window.RS_MODULES.checkMinimal!==undefined) window.RS_MODULES.checkMinimal()}\n\t\t\t\t<\/script>\n\t\t\t<\/rs-module-wrap>\n\t\t\t<!-- END REVOLUTION SLIDER -->\n<\/div><\/div><div id=\"text-2\" class=\"widget widget_text\" style=\"border-style: solid;border-color:transparent;border-width:0px;\">\t\t\t<div class=\"textwidget\"><div\n\t\t\t\tid=\"hustle-embedded-id-3\"\n\t\t\t\tclass=\"hustle-ui hustle-inline hustle-palette--coffee hustle_module_id_3 module_id_3  \"\n\t\t\t\t\n\t\t\tdata-id=\"3\"\n\t\t\tdata-render-id=\"0\"\n\t\t\tdata-tracking=\"enabled\"\n\t\t\t\n\t\t\t\tdata-intro=\"no_animation\"\n\t\t\t\tdata-sub-type=\"shortcode\"\n\t\t\t\t\n\t\t\t\tstyle=\"opacity: 0;\"\n\t\t\t\taria-label=\"Bleiben Sie top-informiert und melden Sie sich jetzt zum STREIFZUG Newsletter an popup\"\n\t\t\t><div class=\"hustle-inline-content\"><div class=\"hustle-optin hustle-optin--compact\"><div class=\"hustle-optin-content\"><div class=\"hustle-success\" data-close-delay=\"30000\" style=\"display: none;\"><span class=\"hustle-icon-check\" aria-hidden=\"true\"><\/span><div class=\"hustle-success-content\"><\/div><\/div><div class=\"hustle-layout\"><div class=\"hustle-main-wrapper\"><div class=\"hustle-layout-body\"><div class=\"hustle-image hustle-image-fit--cover\" aria-hidden=\"true\"><img decoding=\"async\" src=\"https:\/\/www.streifzugmedia.com\/wp-content\/uploads\/2021\/09\/AdobeStock_175368377.jpg\" alt=\"Bild: \u00a9 OscarStock - Adobe Stock\" class=\"hustle-image-position--centercenter\" \/><\/div><div class=\"hustle-layout-content\"><div class=\"hustle-content\"><div class=\"hustle-content-wrap\"><div class=\"hustle-group-title\"><h3 class=\"hustle-title\">Bleiben Sie top-informiert und melden Sie sich jetzt zum STREIFZUG Newsletter an<\/h3><\/div><div class=\"hustle-group-content\"><p>Der STREIFZUG Newsletter informiert Sie regelm\u00e4\u00dfig \u00fcber die sch\u00f6nsten Immobilien und das Neueste aus Interior Design &amp; Lifestyle. Wir nehmen Ihren Datenschutz sehr ernst. Alles dazu erfahren Sie in unserer <a href=\"https:\/\/www.streifzugmedia.com\/datenschutz\/\">Datenschutzerkl\u00e4rung<\/a>.<\/p>\n<\/div><\/div><\/div><form class=\"hustle-layout-form\" novalidate=\"novalidate\"><div class=\"hustle-form hustle-form-inline\"><div class=\"hustle-form-fields hustle-proximity-separated\"><div class=\"hustle-field hustle-field-required \"><label for=\"hustle-field-email-module-3\" id=\"hustle-field-email-module-3-label\" class=\"hustle-screen-reader\">Email<\/label><input id=\"hustle-field-email-module-3\" type=\"email\" class=\"hustle-input \" name=\"email\" value=\"\" aria-labelledby=\"hustle-field-email-module-3-label\" data-validate=\"1\" data-required-error=\"Your email is required.\" data-validation-error=\"Please enter a valid email.\" \/><span class=\"hustle-input-label\" aria-hidden=\"true\" style=\"flex-flow: row nowrap;\"><span>E-Mail<\/span><\/span><\/div><button class=\"hustle-button hustle-button-submit \" aria-live=\"polite\" data-loading-text=\"Form is being submitted, please wait a bit.\"><span class=\"hustle-button-text\">Jetzt anmelden<\/span><span class=\"hustle-icon-loader hustle-loading-icon\" aria-hidden=\"true\"><\/span><\/button><\/div><\/div><input type=\"hidden\" name=\"hustle_module_id\" value=\"3\"><input type=\"hidden\" name=\"post_id\" value=\"0\"><input type=\"hidden\" name=\"hustle_sub_type\" value=\"shortcode\"><div class=\"hustle-error-message\" style=\"display: none;\" data-default-error=\"Please fill out all required fields.\"><\/div><\/form><\/div><\/div><\/div><\/div><\/div><\/div><\/div><\/div><\/div>\n\t\t<\/div><div class=\"fusion-additional-widget-content\"><\/div><\/div><div class=\"fusion-clearfix\"><\/div><\/div><\/div><\/div><\/div>\n","protected":false},"excerpt":{"rendered":"<p>Art Basel, with Global Lead Partner UBS, will take place from June 19 to 22, 2025, at Messe Basel \u2013 with Preview Days on June 17 and 18.<\/p>\n","protected":false},"author":4,"featured_media":119152,"menu_order":601,"comment_status":"closed","ping_status":"closed","template":"","format":"standard","meta":{"_lmt_disableupdate":"no","_lmt_disable":"no","footnotes":""},"portfolio_category":[316,324,326],"portfolio_skills":[2409],"portfolio_tags":[],"class_list":["post-119155","avada_portfolio","type-avada_portfolio","status-publish","format-standard","has-post-thumbnail","hentry","portfolio_category-lifestyle-en","portfolio_category-kunst-kultur-en","portfolio_category-trends-events-en","portfolio_skills-globeair_f25-en"],"yoast_head":"<!-- This site is optimized with the Yoast SEO Premium plugin v27.3 (Yoast SEO v27.4) - https:\/\/yoast.com\/product\/yoast-seo-premium-wordpress\/ -->\n<title>Swiss art fair highlight | Streifzug Magazin<\/title>\n<meta name=\"description\" content=\"Art Basel, with Global Lead Partner UBS, will take place from June 19 to 22, 2025, at Messe Basel \u2013 with Preview Days on June 17 and 18.\" \/>\n<meta name=\"robots\" content=\"index, follow, max-snippet:-1, max-image-preview:large, max-video-preview:-1\" \/>\n<link rel=\"canonical\" href=\"https:\/\/www.streifzugmedia.com\/en\/bericht\/swiss-art-fair-highlight\/\" \/>\n<meta property=\"og:locale\" content=\"en_US\" \/>\n<meta property=\"og:type\" content=\"article\" \/>\n<meta property=\"og:title\" content=\"Swiss art fair highlight\" \/>\n<meta property=\"og:description\" content=\"Art Basel, with Global Lead Partner UBS, will take place from June 19 to 22, 2025, at Messe Basel \u2013 with Preview Days on June 17 and 18.\" \/>\n<meta property=\"og:url\" content=\"https:\/\/www.streifzugmedia.com\/en\/bericht\/swiss-art-fair-highlight\/\" \/>\n<meta property=\"og:site_name\" content=\"Streifzug Media - Kitzb\u00fchel\" \/>\n<meta property=\"article:publisher\" content=\"https:\/\/www.facebook.com\/StreifzugMagazine\/\" \/>\n<meta property=\"article:modified_time\" content=\"2025-07-01T07:21:22+00:00\" \/>\n<meta property=\"og:image\" content=\"https:\/\/www.streifzugmedia.com\/wp-content\/uploads\/2025\/04\/Print_approx_21_x_14_cm_ABB24__Public_Interactions__Galleries__Ge_HiRes-7.jpg\" \/>\n\t<meta property=\"og:image:width\" content=\"1280\" \/>\n\t<meta property=\"og:image:height\" content=\"720\" \/>\n\t<meta property=\"og:image:type\" content=\"image\/jpeg\" \/>\n<meta name=\"twitter:card\" content=\"summary_large_image\" \/>\n<meta name=\"twitter:label1\" content=\"Est. reading time\" \/>\n\t<meta name=\"twitter:data1\" content=\"7 minutes\" \/>\n<!-- \/ Yoast SEO Premium plugin. -->","yoast_head_json":{"title":"Swiss art fair highlight | Streifzug Magazin","description":"Art Basel, with Global Lead Partner UBS, will take place from June 19 to 22, 2025, at Messe Basel \u2013 with Preview Days on June 17 and 18.","robots":{"index":"index","follow":"follow","max-snippet":"max-snippet:-1","max-image-preview":"max-image-preview:large","max-video-preview":"max-video-preview:-1"},"canonical":"https:\/\/www.streifzugmedia.com\/en\/bericht\/swiss-art-fair-highlight\/","og_locale":"en_US","og_type":"article","og_title":"Swiss art fair highlight","og_description":"Art Basel, with Global Lead Partner UBS, will take place from June 19 to 22, 2025, at Messe Basel \u2013 with Preview Days on June 17 and 18.","og_url":"https:\/\/www.streifzugmedia.com\/en\/bericht\/swiss-art-fair-highlight\/","og_site_name":"Streifzug Media - Kitzb\u00fchel","article_publisher":"https:\/\/www.facebook.com\/StreifzugMagazine\/","article_modified_time":"2025-07-01T07:21:22+00:00","og_image":[{"width":1280,"height":720,"url":"https:\/\/www.streifzugmedia.com\/wp-content\/uploads\/2025\/04\/Print_approx_21_x_14_cm_ABB24__Public_Interactions__Galleries__Ge_HiRes-7.jpg","type":"image\/jpeg"}],"twitter_card":"summary_large_image","twitter_misc":{"Est. reading time":"7 minutes"},"schema":{"@context":"https:\/\/schema.org","@graph":[{"@type":"WebPage","@id":"https:\/\/www.streifzugmedia.com\/en\/bericht\/swiss-art-fair-highlight\/","url":"https:\/\/www.streifzugmedia.com\/en\/bericht\/swiss-art-fair-highlight\/","name":"Swiss art fair highlight | Streifzug Magazin","isPartOf":{"@id":"https:\/\/www.streifzugmedia.com\/en\/#website"},"primaryImageOfPage":{"@id":"https:\/\/www.streifzugmedia.com\/en\/bericht\/swiss-art-fair-highlight\/#primaryimage"},"image":{"@id":"https:\/\/www.streifzugmedia.com\/en\/bericht\/swiss-art-fair-highlight\/#primaryimage"},"thumbnailUrl":"https:\/\/www.streifzugmedia.com\/wp-content\/uploads\/2025\/04\/Print_approx_21_x_14_cm_ABB24__Public_Interactions__Galleries__Ge_HiRes-7.jpg","datePublished":"2025-04-23T07:30:25+00:00","dateModified":"2025-07-01T07:21:22+00:00","description":"Art Basel, with Global Lead Partner UBS, will take place from June 19 to 22, 2025, at Messe Basel \u2013 with Preview Days on June 17 and 18.","breadcrumb":{"@id":"https:\/\/www.streifzugmedia.com\/en\/bericht\/swiss-art-fair-highlight\/#breadcrumb"},"inLanguage":"en-US","potentialAction":[{"@type":"ReadAction","target":["https:\/\/www.streifzugmedia.com\/en\/bericht\/swiss-art-fair-highlight\/"]}]},{"@type":"ImageObject","inLanguage":"en-US","@id":"https:\/\/www.streifzugmedia.com\/en\/bericht\/swiss-art-fair-highlight\/#primaryimage","url":"https:\/\/www.streifzugmedia.com\/wp-content\/uploads\/2025\/04\/Print_approx_21_x_14_cm_ABB24__Public_Interactions__Galleries__Ge_HiRes-7.jpg","contentUrl":"https:\/\/www.streifzugmedia.com\/wp-content\/uploads\/2025\/04\/Print_approx_21_x_14_cm_ABB24__Public_Interactions__Galleries__Ge_HiRes-7.jpg","width":1280,"height":720},{"@type":"BreadcrumbList","@id":"https:\/\/www.streifzugmedia.com\/en\/bericht\/swiss-art-fair-highlight\/#breadcrumb","itemListElement":[{"@type":"ListItem","position":1,"name":"Startseite","item":"https:\/\/www.streifzugmedia.com\/en\/"},{"@type":"ListItem","position":2,"name":"Portfolio","item":"https:\/\/www.streifzugmedia.com\/en\/bericht\/"},{"@type":"ListItem","position":3,"name":"Swiss art fair highlight"}]},{"@type":"WebSite","@id":"https:\/\/www.streifzugmedia.com\/en\/#website","url":"https:\/\/www.streifzugmedia.com\/en\/","name":"Streifzug Media - Kitzb\u00fchel","description":"BEST OF REAL ESTATE, INTERIOR DESIGN &amp; LIFESTYLE","publisher":{"@id":"https:\/\/www.streifzugmedia.com\/en\/#organization"},"potentialAction":[{"@type":"SearchAction","target":{"@type":"EntryPoint","urlTemplate":"https:\/\/www.streifzugmedia.com\/en\/?s={search_term_string}"},"query-input":{"@type":"PropertyValueSpecification","valueRequired":true,"valueName":"search_term_string"}}],"inLanguage":"en-US"},{"@type":"Organization","@id":"https:\/\/www.streifzugmedia.com\/en\/#organization","name":"Streifzug Media GmbH","url":"https:\/\/www.streifzugmedia.com\/en\/","logo":{"@type":"ImageObject","inLanguage":"en-US","@id":"https:\/\/www.streifzugmedia.com\/en\/#\/schema\/logo\/image\/","url":"https:\/\/www.streifzugmedia.com\/wp-content\/uploads\/2016\/10\/Bildschirmfoto-2016-09-27-um-09.49.42.png","contentUrl":"https:\/\/www.streifzugmedia.com\/wp-content\/uploads\/2016\/10\/Bildschirmfoto-2016-09-27-um-09.49.42.png","width":358,"height":51,"caption":"Streifzug Media GmbH"},"image":{"@id":"https:\/\/www.streifzugmedia.com\/en\/#\/schema\/logo\/image\/"},"sameAs":["https:\/\/www.facebook.com\/StreifzugMagazine\/","https:\/\/www.instagram.com\/streifzugmedia\/","https:\/\/www.pinterest.com\/streifzugmedia\/","https:\/\/www.youtube.com\/channel\/UCHsdQAJX8ULnRRdRj_T0KcA"]}]}},"publishpress_future_action":{"enabled":false,"date":"2026-07-30 07:42:12","action":"change-status","newStatus":"draft","terms":[],"taxonomy":"portfolio_ort","extraData":[]},"publishpress_future_workflow_manual_trigger":{"enabledWorkflows":[]},"_links":{"self":[{"href":"https:\/\/www.streifzugmedia.com\/en\/wp-json\/wp\/v2\/avada_portfolio\/119155","targetHints":{"allow":["GET"]}}],"collection":[{"href":"https:\/\/www.streifzugmedia.com\/en\/wp-json\/wp\/v2\/avada_portfolio"}],"about":[{"href":"https:\/\/www.streifzugmedia.com\/en\/wp-json\/wp\/v2\/types\/avada_portfolio"}],"author":[{"embeddable":true,"href":"https:\/\/www.streifzugmedia.com\/en\/wp-json\/wp\/v2\/users\/4"}],"replies":[{"embeddable":true,"href":"https:\/\/www.streifzugmedia.com\/en\/wp-json\/wp\/v2\/comments?post=119155"}],"version-history":[{"count":3,"href":"https:\/\/www.streifzugmedia.com\/en\/wp-json\/wp\/v2\/avada_portfolio\/119155\/revisions"}],"predecessor-version":[{"id":119479,"href":"https:\/\/www.streifzugmedia.com\/en\/wp-json\/wp\/v2\/avada_portfolio\/119155\/revisions\/119479"}],"wp:featuredmedia":[{"embeddable":true,"href":"https:\/\/www.streifzugmedia.com\/en\/wp-json\/wp\/v2\/media\/119152"}],"wp:attachment":[{"href":"https:\/\/www.streifzugmedia.com\/en\/wp-json\/wp\/v2\/media?parent=119155"}],"wp:term":[{"taxonomy":"portfolio_category","embeddable":true,"href":"https:\/\/www.streifzugmedia.com\/en\/wp-json\/wp\/v2\/portfolio_category?post=119155"},{"taxonomy":"portfolio_skills","embeddable":true,"href":"https:\/\/www.streifzugmedia.com\/en\/wp-json\/wp\/v2\/portfolio_skills?post=119155"},{"taxonomy":"portfolio_tags","embeddable":true,"href":"https:\/\/www.streifzugmedia.com\/en\/wp-json\/wp\/v2\/portfolio_tags?post=119155"}],"curies":[{"name":"wp","href":"https:\/\/api.w.org\/{rel}","templated":true}]}}